{"id":3785,"date":"2024-10-21T12:25:24","date_gmt":"2024-10-21T12:25:24","guid":{"rendered":"https:\/\/vindrprojekt.se\/?post_type=stm_project&#038;p=377"},"modified":"2025-11-17T13:35:37","modified_gmt":"2025-11-17T13:35:37","slug":"hamrange","status":"publish","type":"stm_project","link":"https:\/\/vindr.eu\/sv\/hamrange\/","title":{"rendered":"Hamr\u00e5nge"},"content":{"rendered":"\n<section id=\"acf-hero-subpage-block_43552b4e3cccc7dcf52e5c7aef4ed075\"class=\"block-section hero-subpage has-background waiting-to-animate show-top-bar-theme-light-dark wp-block-acf-hero-subpage\">\n\t<figure class=\"hero-subpage__bg\">\n\t\t<img loading=\"lazy\" decoding=\"async\" width=\"2048\" height=\"1367\" src=\"https:\/\/vindr.eu\/wp-content\/uploads\/2025\/05\/iStock-1474120634-scaled.jpg\" class=\"attachment-full size-full\" alt=\"\" sizes=\"auto, (max-width: 999px) 100vw, 60vw\" srcset=\"https:\/\/vindr.eu\/wp-content\/uploads\/2025\/05\/iStock-1474120634-scaled.jpg 2048w, https:\/\/vindr.eu\/wp-content\/uploads\/2025\/05\/iStock-1474120634-300x200.jpg 300w, https:\/\/vindr.eu\/wp-content\/uploads\/2025\/05\/iStock-1474120634-1024x683.jpg 1024w, https:\/\/vindr.eu\/wp-content\/uploads\/2025\/05\/iStock-1474120634-768x512.jpg 768w, https:\/\/vindr.eu\/wp-content\/uploads\/2025\/05\/iStock-1474120634-1536x1025.jpg 1536w, https:\/\/vindr.eu\/wp-content\/uploads\/2025\/05\/iStock-1474120634-502x335.jpg 502w\" \/>\t<\/figure>\n\t<div class=\"block-section-wrapper element-width--full\">\n\t\t<div class=\"hero-subpage__content\">\n\t\t\t\t\t\t\t<h1 class=\"hero-subpage__title heading-size-large\">Energipark Hamr\u00e5nge<\/h1>\n\t\t\t\t\t\t\t\t\t\t<div class=\"text-size-medium\">\n\t\t\t\t\t<p><span class=\"TextRun SCXW160002228 BCX0\" lang=\"SV-SE\" xml:lang=\"SV-SE\" data-contrast=\"auto\"><span class=\"NormalTextRun SCXW160002228 BCX0\">Projektet Hamr\u00e5nge ligger <\/span><\/span><span class=\"TextRun SCXW160002228 BCX0\" lang=\"SV-SE\" xml:lang=\"SV-SE\" data-contrast=\"auto\"><span class=\"NormalTextRun SCXW160002228 BCX0\">ca. 5 km v\u00e4ster om Bergby i\u202fen glesbefolkad\u202fdel av\u202f G\u00e4vle kommuns norra delar\u202f<\/span><\/span><\/p>\n\t\t\t\t<\/div>\n\t\t\t\t\t<\/div>\n\t<\/div>\n<\/section>\n\n\n\n<section id=\"acf-icon-info-list-block_943ffe7425c123cb5ee84d68df94fb00\"class=\"block-section icon-info-list show-top-bar-theme-dark wp-block-acf-icon-info-list\">\n\t<div class=\"block-section-wrapper element-width--content\">\n\t\t<dl>\n\t\t\t\t\t\t\t<div>\n\t\t\t\t\t<dt>\n\t\t\t\t\t\t<img loading=\"lazy\" decoding=\"async\" width=\"80\" height=\"80\" src=\"https:\/\/vindr.eu\/wp-content\/uploads\/2025\/05\/icon-precision-manufacturing.svg\" class=\"attachment-full size-full\" alt=\"\" \/>\t\t\t\t\t\tStatus\t\t\t\t\t<\/dt>\n\t\t\t\t\t<dd>\n\t\t\t\t\t\tTidigt skede\t\t\t\t\t<\/dd>\n\t\t\t\t<\/div>\n\t\t\t\t\t\t\t<div>\n\t\t\t\t\t<dt>\n\t\t\t\t\t\t<img loading=\"lazy\" decoding=\"async\" width=\"78\" height=\"78\" src=\"https:\/\/vindr.eu\/wp-content\/uploads\/2025\/05\/icon-map-1.svg\" class=\"attachment-full size-full\" alt=\"\" \/>\t\t\t\t\t\tPlacering\t\t\t\t\t<\/dt>\n\t\t\t\t\t<dd>\n\t\t\t\t\t\tHamr\u00e5nge, G\u00e4vle kommun\t\t\t\t\t<\/dd>\n\t\t\t\t<\/div>\n\t\t\t\t\t\t\t<div>\n\t\t\t\t\t<dt>\n\t\t\t\t\t\t<img loading=\"lazy\" decoding=\"async\" width=\"1\" height=\"1\" src=\"https:\/\/vindr.eu\/wp-content\/uploads\/2024\/09\/icon-energy-bolt.svg\" class=\"attachment-full size-full\" alt=\"\" \/>\t\t\t\t\t\tProduktion\t\t\t\t\t<\/dt>\n\t\t\t\t\t<dd>\n\t\t\t\t\t\tCa 370 GWh per \u00e5r\t\t\t\t\t<\/dd>\n\t\t\t\t<\/div>\n\t\t\t\t\t\t\t<div>\n\t\t\t\t\t<dt>\n\t\t\t\t\t\t<img loading=\"lazy\" decoding=\"async\" width=\"76\" height=\"76\" src=\"https:\/\/vindr.eu\/wp-content\/uploads\/2024\/01\/icon-wind-power.svg\" class=\"attachment-full size-full\" alt=\"\" \/>\t\t\t\t\t\tTurbiner\t\t\t\t\t<\/dt>\n\t\t\t\t\t<dd>\n\t\t\t\t\t\tMax 16 st.\t\t\t\t\t<\/dd>\n\t\t\t\t<\/div>\n\t\t\t\t\t\t\t<div>\n\t\t\t\t\t<dt>\n\t\t\t\t\t\t<img loading=\"lazy\" decoding=\"async\" width=\"76\" height=\"76\" src=\"https:\/\/vindr.eu\/wp-content\/uploads\/2024\/01\/icon-wind-power.svg\" class=\"attachment-full size-full\" alt=\"\" \/>\t\t\t\t\t\tH\u00f6jd\t\t\t\t\t<\/dt>\n\t\t\t\t\t<dd>\n\t\t\t\t\t\t260-300 meter\t\t\t\t\t<\/dd>\n\t\t\t\t<\/div>\n\t\t\t\t\t<\/dl>\n\t<\/div>\n<\/section>\n\n\n\n<section id=\"acf-text-media-block_2cd6fc5781dc654a7aa75e4fa5a5ce5f\"class=\"block-section text-media image-align-left show-top-bar-theme-dark wp-block-acf-text-media has-background has-light-blue-background-color\">\n\t<div class=\"block-section-wrapper element-width--wide\">\n\t\t<div class=\"text-media__image\">\n\t\t\t<figure class=\"text-media__image-inner\">\n\t\t\t\t<img loading=\"lazy\" decoding=\"async\" width=\"1957\" height=\"1910\" src=\"https:\/\/vindr.eu\/wp-content\/uploads\/2025\/05\/Camilla-bw.jpg\" class=\"attachment-full size-full\" alt=\"\" srcset=\"https:\/\/vindr.eu\/wp-content\/uploads\/2025\/05\/Camilla-bw.jpg 1957w, https:\/\/vindr.eu\/wp-content\/uploads\/2025\/05\/Camilla-bw-300x293.jpg 300w, https:\/\/vindr.eu\/wp-content\/uploads\/2025\/05\/Camilla-bw-1024x999.jpg 1024w, https:\/\/vindr.eu\/wp-content\/uploads\/2025\/05\/Camilla-bw-768x750.jpg 768w, https:\/\/vindr.eu\/wp-content\/uploads\/2025\/05\/Camilla-bw-1536x1499.jpg 1536w, https:\/\/vindr.eu\/wp-content\/uploads\/2025\/05\/Camilla-bw-385x376.jpg 385w\" sizes=\"auto, (max-width: 1957px) 100vw, 1957px\" \/>\t\t\t<\/figure>\n\t\t<\/div>\n\t\t<div class=\"text-media__content use-copy-text-styles\">\n\t\t\t\t\t\t\t<h1 class=\"title\">Vem \u00e4r vi?<\/h1>\n\t\t\t\t\t\t<p><span data-contrast=\"auto\">Vindr \u00e4r en l\u00e5ngsiktig akt\u00f6r som utvecklar, bygger och \u00e4ger f\u00f6rnybara energianl\u00e4ggningar i Norden och Baltikum. Vi tar ansvar f\u00f6r hela projektlivscykeln \u2013 fr\u00e5n utveckling och konstruktion till drift och nedmontering \u2013 vilket speglar v\u00e5r l\u00e5ngsiktiga strategi och samspelet med lokala intressenter och v\u00e5r ambition att fr\u00e4mja positiv samh\u00e4llsutveckling. V\u00e5ra projekt finns n\u00e4ra <\/span><span data-contrast=\"auto\">el<\/span><span data-contrast=\"auto\">anv\u00e4ndarna, vilket minskar v\u00e5r milj\u00f6p\u00e5verkan och bevarar naturen.\u202f\u202f\u202f<\/span><span data-ccp-props=\"{}\">\u00a0<\/span><\/p>\n<p><span data-contrast=\"auto\">InfraVia \u00e4r VINDRs huvudsakliga aktie\u00e4gare och partner p\u00e5 resan mot att <\/span><span data-contrast=\"auto\">bli<\/span><span data-contrast=\"auto\"> en ledande producent av f\u00f6rnybar el i norra Europa. Sedan 2008 har InfraVia samlat in 10 miljarder euro i kapital och investerat i \u00f6ver 50 f\u00f6retag i 13 europeiska l\u00e4nder.<\/span><\/p>\n\t\t\t\t\t<\/div>\n\t<\/div>\n<\/section>\n\n\n\n<section id=\"acf-text-media-block_e7a13fc2ca707af7ce4060916898aa0c\"class=\"block-section text-media image-align-right show-top-bar-theme-dark wp-block-acf-text-media has-background has-light-blue-background-color\">\n\t<div class=\"block-section-wrapper element-width--wide\">\n\t\t<div class=\"text-media__image\">\n\t\t\t<figure class=\"text-media__image-inner\">\n\t\t\t\t<img loading=\"lazy\" decoding=\"async\" width=\"1549\" height=\"1936\" src=\"https:\/\/vindr.eu\/wp-content\/uploads\/2025\/05\/iStock-1365368746.jpg\" class=\"attachment-full size-full\" alt=\"\" srcset=\"https:\/\/vindr.eu\/wp-content\/uploads\/2025\/05\/iStock-1365368746.jpg 1549w, https:\/\/vindr.eu\/wp-content\/uploads\/2025\/05\/iStock-1365368746-240x300.jpg 240w, https:\/\/vindr.eu\/wp-content\/uploads\/2025\/05\/iStock-1365368746-819x1024.jpg 819w, https:\/\/vindr.eu\/wp-content\/uploads\/2025\/05\/iStock-1365368746-768x960.jpg 768w, https:\/\/vindr.eu\/wp-content\/uploads\/2025\/05\/iStock-1365368746-1229x1536.jpg 1229w, https:\/\/vindr.eu\/wp-content\/uploads\/2025\/05\/iStock-1365368746-301x376.jpg 301w\" sizes=\"auto, (max-width: 1549px) 100vw, 1549px\" \/>\t\t\t<\/figure>\n\t\t<\/div>\n\t\t<div class=\"text-media__content use-copy-text-styles\">\n\t\t\t\t\t\t\t<h1 class=\"title\">Lokalt bidrag <\/h1>\n\t\t\t\t\t\t<p><span data-contrast=\"auto\">Energipark Hamr\u00e5nge \u00e4r i linje med b\u00e5de Energimyndighetens och Naturv\u00e5rdsverkets strategier, samt G\u00e4vles energiplan, som st\u00f6ttar vindkraftsutbyggnad. Den kommer att bidra till klimatomst\u00e4llningen i industrin och underl\u00e4tta satsningar p\u00e5 v\u00e4tgas i G\u00e4vleborg, vilket g\u00f6r kommunen attraktiv f\u00f6r nya industrier genom stabil och billig el.<\/span><span data-ccp-props=\"{}\">\u00a0<\/span><\/p>\n<p><span data-contrast=\"auto\">Hamr\u00e5nge kan skapa omkring 73 \u00e5rsarbeten under byggnationen och sex lokala arbetstillf\u00e4llen \u00e5rligen, samt st\u00e4rka det lokala n\u00e4ringslivet genom att engagera flera branscher. <\/span><span data-contrast=\"auto\">Dessutom kommer kommunen och n\u00e4rboende att f\u00e5 ekonomiskt st\u00f6d, vilket bidrar till lokalt v\u00e4lst\u00e5nd.<\/span><span data-contrast=\"auto\"> Parken minskar klimatp\u00e5verkan med cirka 220 800 ton v\u00e4xthusgaser per \u00e5r och kan pressa elpriset i Sverige. Hamr\u00e5nge f\u00f6rv\u00e4ntas m\u00f6ta \u00f6kad elanv\u00e4ndning och t\u00e4cka en del av G\u00e4vleborgs behov av utbyggd elproduktion.<\/span><span data-ccp-props=\"{}\">\u00a0<\/span><\/p>\n<p><span data-contrast=\"auto\">Energiparken \u00e4r ett svar p\u00e5 den nationella strategin att tredubbla den landbaserade vindkraftsproduktionen i G\u00e4vleborg fram till 2040, och Hamr\u00e5nge kommer att bidra med cirka 8 procent av det utbyggnadsbehovet. Varje ytterligare kilowattimme fr\u00e5n vindkraften i Sverige och Europa bidrar \u00e4ven till \u00f6kad energis\u00e4kerhet genom att minska beroendet av fossila br\u00e4nslen fr\u00e5n Ryssland, n\u00e5got som blir allt viktigare i dagens politiska klimat.<\/span><span data-ccp-props=\"{}\">\u00a0<\/span><\/p>\n<p><span data-contrast=\"auto\">Projektet st\u00e4mmer \u00e4ven \u00f6verens med den lokala opinionen. En Sifo-unders\u00f6kning fr\u00e5n februari 2024 visade att 53 procent av inv\u00e5narna i Norra Mellansverige anser att deras kommun b\u00f6r bidra till den fortsatta vindkraftsutbyggnaden i Sverige. Detta ger ytterligare st\u00f6d f\u00f6r Energipark Hamr\u00e5nge, som pr\u00f6vas noggrant av myndigheterna f\u00f6r att s\u00e4kerst\u00e4lla att alla milj\u00f6- och samh\u00e4llsaspekter beaktas innan ett slutgiltigt beslut tas.<\/span><span data-ccp-props=\"{}\">\u00a0<\/span><\/p>\n\t\t\t\t\t<\/div>\n\t<\/div>\n<\/section>\n\n\n\n<section id=\"acf-text-media-block_293b3653307830d9a2c88bc5d1abeff7\"class=\"block-section text-media image-align-left show-top-bar-theme-dark wp-block-acf-text-media\">\n\t<div class=\"block-section-wrapper element-width--wide\">\n\t\t<div class=\"text-media__image\">\n\t\t\t<figure class=\"text-media__image-inner\">\n\t\t\t\t<img loading=\"lazy\" decoding=\"async\" width=\"1365\" height=\"2048\" src=\"https:\/\/vindr.eu\/wp-content\/uploads\/2025\/05\/iStock-2177210578-scaled.jpg\" class=\"attachment-full size-full\" alt=\"\" srcset=\"https:\/\/vindr.eu\/wp-content\/uploads\/2025\/05\/iStock-2177210578-scaled.jpg 1365w, https:\/\/vindr.eu\/wp-content\/uploads\/2025\/05\/iStock-2177210578-200x300.jpg 200w, https:\/\/vindr.eu\/wp-content\/uploads\/2025\/05\/iStock-2177210578-683x1024.jpg 683w, https:\/\/vindr.eu\/wp-content\/uploads\/2025\/05\/iStock-2177210578-768x1152.jpg 768w, https:\/\/vindr.eu\/wp-content\/uploads\/2025\/05\/iStock-2177210578-1024x1536.jpg 1024w, https:\/\/vindr.eu\/wp-content\/uploads\/2025\/05\/iStock-2177210578-251x376.jpg 251w\" sizes=\"auto, (max-width: 1365px) 100vw, 1365px\" \/>\t\t\t<\/figure>\n\t\t<\/div>\n\t\t<div class=\"text-media__content use-copy-text-styles\">\n\t\t\t\t\t\t\t<h1 class=\"title\">Sju av tio i G\u00e4vle positiva till vindkraftsers\u00e4ttning<\/h1>\n\t\t\t\t\t\t<p><b><span data-contrast=\"auto\">Sju av tio (72 procent) g\u00e4vlebor \u00e4r positiva till statligt vindkraftsst\u00f6d till kommuner, samt att n\u00e4rboende och bygden ska f\u00e5 ta del av int\u00e4kterna fr\u00e5n vindkraftsparker. Det framg\u00e5r av en opinionsunders\u00f6kning fr\u00e5n Novus, som har best\u00e4llts av det norsk-svenska bolaget Vindr. Unders\u00f6kningen visar ocks\u00e5 att sex av tio (59 procent) \u00e4r positivt inst\u00e4llda till att det byggs vindkraft p\u00e5 land i G\u00e4vle, medan tre av tio (29 procent) \u00e4r negativa.<\/span><\/b><span data-ccp-props=\"{}\">\u00a0<\/span><\/p>\n<p><span data-contrast=\"auto\">Regeringen har beslutat att kommuner d\u00e4r det etableras vindkraft ska f\u00e5 en ers\u00e4ttning fr\u00e5n staten motsvarande fastighetsskatten f\u00f6r vindkraft. Regeringen avser ocks\u00e5 att g\u00e5 vidare med f\u00f6rslagen om att n\u00e4rboende och bygden ska f\u00e5 ta del av int\u00e4kterna fr\u00e5n vindkraftsparken.<\/span><span data-ccp-props=\"{}\">\u00a0<\/span><\/p>\n<p><span data-contrast=\"auto\">I G\u00e4vle \u00e4r 72 procent av inv\u00e5narna positiva till dessa f\u00f6rslag, medan bara 15 procent \u00e4r negativa.<\/span><span data-ccp-props=\"{}\">\u00a0<\/span><\/p>\n<p><span data-contrast=\"auto\">\u2013 Vi v\u00e4lkomnar regeringens beslut och inriktning, som vi tror kommer att \u00f6ka acceptansen ytterligare f\u00f6r vindkraft, s\u00e4ger Tjabba Nordanfj\u00e4ll, som \u00e4r projektutvecklingschef f\u00f6r Vindr Sverige.<\/span><span data-ccp-props=\"{}\">\u00a0<\/span><\/p>\n<p><span data-contrast=\"auto\">Det finns i dagsl\u00e4get ingen vindkraft i G\u00e4vle. Vindr genomf\u00f6r nu ett samr\u00e5d f\u00f6r Energipark Hamr\u00e5nge, cirka fem km v\u00e4ster om Bergby i<\/span><span data-contrast=\"auto\">\u202f<\/span><span data-contrast=\"auto\">en glesbefolkad<\/span><span data-contrast=\"auto\">\u202f<\/span><span data-contrast=\"auto\">del av G\u00e4vle kommuns norra delar.<\/span><span data-contrast=\"auto\">\u202f<\/span><span data-contrast=\"auto\">Energiparken kan best\u00e5 av h\u00f6gst 16 vindkraftverk.<\/span><span data-ccp-props=\"{}\">\u00a0<\/span><\/p>\n<p><span data-contrast=\"auto\">Om G\u00e4vle f\u00e5r ers\u00e4ttning motsvarande fastighetsskatten f\u00f6r de 16 verken inneb\u00e4r det i genomsnitt 3,2 miljoner kronor om \u00e5ret under de tio f\u00f6rsta \u00e5ren och totalt 65 miljoner under 30 \u00e5r. Int\u00e4ktsdelningen till bygden skulle motsvara cirka 0,7\u20131,4 miljoner kronor om \u00e5ret, medan n\u00e4rboende skulle f\u00e5 cirka 0,9 miljoner kronor skattefritt om \u00e5ret (enligt en statlig utredning).\u00a0<\/span><span data-ccp-props=\"{}\">\u00a0<\/span><\/p>\n<p><span data-contrast=\"auto\">Unders\u00f6kningen fr\u00e5n Novus visar ocks\u00e5 att det \u00e4r cirka dubbelt s\u00e5 m\u00e5nga av g\u00e4vleborna \u2013 52 procent j\u00e4mf\u00f6rt med 25 procent \u2013 som vill att vindkraft i G\u00e4vle ska milj\u00f6pr\u00f6vas och beslutas av tillst\u00e5ndsmyndigheterna, \u00e4n som vill att kommunen ska stoppa ny vindkraft genom sitt veto.<\/span><\/p>\n<p><strong>L\u00e4s mer om Novus unders\u00f6kning i dokumentfliken l\u00e4ngre ner p\u00e5 sidan<\/strong><\/p>\n\t\t\t\t\t<\/div>\n\t<\/div>\n<\/section>\n\n\n\n<section id=\"acf-timeline-block_e9e56fdf3dfe9112254ceaaa019949bf\"class=\"block-section timeline show-top-bar-theme-dark wp-block-acf-timeline\">\n    <div class=\"block-section-wrapper\">\n        <div class=\"swiper\">\n            <header>\n                <div class=\"header-wrapper\">\n                                            <h1 class=\"timeline-title\">Tidslinje<\/h1>\n                    \n                    <div class=\"swiper-control\">\n                        <div class=\"swiper-pagination\"><\/div>\n                        <div class=\"swiper-button\">\n                            <div class=\"swiper-button-prev\"><\/div>\n                            <div class=\"swiper-button-next\"><\/div>\n                        <\/div>\n                    <\/div>\n                <\/div>\n            <\/header>\n\n            <div class=\"swiper-wrapper\">\n                                                                                                                                            <div\n                                class=\"swiper-slide\"\n                                data-group=\"g0\"\n                                                                    data-group-title=\"Tidig fas: utredning &amp; avgr\u00e4nsningar 1-2 \u00e5r\"\n                                                            >\n                                <div class=\"timeline-item\">\n\n                                    <div class=\"timeline-content\">\n                                        <div class=\"content-top\">\n                                                                                            <p class=\"content-year \">1 \u00e5r<\/p>\n                                                                                                                                        <h1 class=\"content-title\">Projektid\u00e9<\/h1>\n                                                                                    <\/div>\n\n                                        <div class=\"content-bottom\">\n                                                                                                                                <\/div>\n                                    <\/div>\n\n                                    \n                                <\/div>\n                            <\/div>\n                                                                                <div\n                                class=\"swiper-slide\"\n                                data-group=\"g0\"\n                                                            >\n                                <div class=\"timeline-item\">\n\n                                    <div class=\"timeline-content background-dark-blue\">\n                                        <div class=\"content-top\">\n                                                                                            <p class=\"content-year \">1 \u00e5r<\/p>\n                                                                                                                                        <h1 class=\"content-title\">Samr\u00e5d<\/h1>\n                                                                                    <\/div>\n\n                                        <div class=\"content-bottom\">\n                                                                                                                                        <div class=\"activate\">\n                                                    <span class=\"dot\"><\/span>\n                                                    <span class=\"active \">Current phase<\/span>\n                                                <\/div>\n                                                                                    <\/div>\n                                    <\/div>\n\n                                                                            <div class=\"info-warning-wrapper\">\n                                            <span class=\"icon-info-warning\"><\/span>\n                                            <p>M\u00f6jlighet till synpunkter fr\u00e5n allm\u00e4nheten, kommun, myndigheter och intressenter.<\/p>\n                                        <\/div>\n                                    \n                                <\/div>\n                            <\/div>\n                                                                                <div\n                                class=\"swiper-slide\"\n                                data-group=\"g0\"\n                                                            >\n                                <div class=\"timeline-item\">\n\n                                    <div class=\"timeline-content\">\n                                        <div class=\"content-top\">\n                                                                                            <p class=\"content-year \">1-2 \u00e5r<\/p>\n                                                                                                                                        <h1 class=\"content-title\">Milj\u00f6konsekvens- beskrivning<\/h1>\n                                                                                    <\/div>\n\n                                        <div class=\"content-bottom\">\n                                                                                            <p class=\"content-text \">Beslut ans\u00f6kan<\/p>\n                                                                                                                                <\/div>\n                                    <\/div>\n\n                                    \n                                <\/div>\n                            <\/div>\n                                                                                                                                                    <div\n                                class=\"swiper-slide\"\n                                data-group=\"g1\"\n                                                                    data-group-title=\"Tillst\u00e5ndsfas 3-5 \u00e5r (eller l\u00e4ngre vid \u00f6verklagan)\"\n                                                            >\n                                <div class=\"timeline-item\">\n\n                                    <div class=\"timeline-content\">\n                                        <div class=\"content-top\">\n                                                                                            <p class=\"content-year \">3-4 \u00e5r<\/p>\n                                                                                                                                        <h1 class=\"content-title\">Ev. komplettering<\/h1>\n                                                                                    <\/div>\n\n                                        <div class=\"content-bottom\">\n                                                                                            <p class=\"content-text \">Ans\u00f6kan kung\u00f6rs av L\u00e4nsstyrelsen<\/p>\n                                                                                                                                <\/div>\n                                    <\/div>\n\n                                                                            <div class=\"info-warning-wrapper\">\n                                            <span class=\"icon-info-warning\"><\/span>\n                                            <p>L\u00e4nsstyrelse, kommun och ev. andra ber\u00f6rda blir tillfragade om kompletteringar beh\u00f6vs<\/p>\n                                        <\/div>\n                                    \n                                <\/div>\n                            <\/div>\n                                                                                <div\n                                class=\"swiper-slide\"\n                                data-group=\"g1\"\n                                                            >\n                                <div class=\"timeline-item\">\n\n                                    <div class=\"timeline-content\">\n                                        <div class=\"content-top\">\n                                                                                            <p class=\"content-year \">4-5 \u00e5r<\/p>\n                                                                                                                                        <h1 class=\"content-title\">Handl\u00e4ggning<\/h1>\n                                                                                    <\/div>\n\n                                        <div class=\"content-bottom\">\n                                                                                                                                <\/div>\n                                    <\/div>\n\n                                                                            <div class=\"info-warning-wrapper\">\n                                            <span class=\"icon-info-warning\"><\/span>\n                                            <p>M\u00f6jlighet till synpunkter fr\u00e5n allm\u00e4nheten, kommun, myndigheter och intressenter.  Kommunens tillstyrkan ska formell l\u00e4mnas n\u00e4r ans\u00f6kan kungjorts.<\/p>\n                                        <\/div>\n                                    \n                                <\/div>\n                            <\/div>\n                                                                                <div\n                                class=\"swiper-slide\"\n                                data-group=\"g1\"\n                                                            >\n                                <div class=\"timeline-item\">\n\n                                    <div class=\"timeline-content\">\n                                        <div class=\"content-top\">\n                                                                                            <p class=\"content-year \">5 \u00e5r<\/p>\n                                                                                                                                        <h1 class=\"content-title\">Beslut: villkor och tillst\u00e5nd<\/h1>\n                                                                                    <\/div>\n\n                                        <div class=\"content-bottom\">\n                                                                                            <p class=\"content-text \">L\u00e4nsstyrelsen kung\u00f6r sitt beslut<\/p>\n                                                                                                                                <\/div>\n                                    <\/div>\n\n                                                                            <div class=\"info-warning-wrapper\">\n                                            <span class=\"icon-info-warning\"><\/span>\n                                            <p>M\u00f6jlighet till \u00f6verklagan<\/p>\n                                        <\/div>\n                                    \n                                <\/div>\n                            <\/div>\n                                                                                                                                                    <div\n                                class=\"swiper-slide\"\n                                data-group=\"g2\"\n                                                                    data-group-title=\"Planering, byggnation &amp; drift\"\n                                                            >\n                                <div class=\"timeline-item\">\n\n                                    <div class=\"timeline-content\">\n                                        <div class=\"content-top\">\n                                                                                            <p class=\"content-year \">5 &#8211; <\/p>\n                                                                                                                                        <h1 class=\"content-title\">Egenkontroll &amp; Milj\u00f6tillsyn<\/h1>\n                                                                                    <\/div>\n\n                                        <div class=\"content-bottom\">\n                                                                                                                                <\/div>\n                                    <\/div>\n\n                                    \n                                <\/div>\n                            <\/div>\n                                                                        <\/div>\n        <\/div>\n    <\/div>\n<\/section>\n\n\n\n<section id=\"acf-map-and-documents-block_f8ea6025766c150cb9e9ae741758e3e6\"class=\"block-section map-and-documents show-top-bar-theme-dark wp-block-acf-map-and-documents\">\n\t<div class=\"block-section-wrapper element-width--wide two-columns\">\n\n\t\t<div class=\"js-tabs\">\n\n\t\t\t<ul class=\"js-tablist\" data-existing-hx=\"h2\">\n\t\t\t\t<li class=\"js-tablist__item\">\n\t\t\t\t\t<a href=\"#tab-karta\" class=\"js-tablist__link\" data-selected=\"1\">Karta<\/a>\n\t\t\t\t<\/li>\n\t\t\t\t<li class=\"js-tablist__item\">\n\t\t\t\t\t<a href=\"#tab-documents\" class=\"js-tablist__link\">Documents<\/a>\n\t\t\t\t<\/li>\n\t\t\t<\/ul>\n\t\t\t<div id=\"tab-karta\" class=\"js-tabcontent\">\n\t\t\t\t<div class=\"text-content\">\n\t\t\t\t\t\t\t\t\t\t\t<h1>Projekt<\/h1>\n\t\t\t\t\t\t\t\t\t\t<p><span data-teams=\"true\"><span class=\"ui-provider a b c d e f g h i j k l m n o p q r s t u v w x y z ab ac ae af ag ah ai aj ak\" dir=\"ltr\">Den markerade ytan visar ett ungef\u00e4rligt l\u00e4ge f\u00f6r energiparken<\/span><\/span><\/p>\n\t\t\t\t<\/div>\n\t\t\t\t<div class=\"image-content\">\n\t\t\t\t\t<img loading=\"lazy\" decoding=\"async\" width=\"1001\" height=\"907\" src=\"https:\/\/vindr.eu\/wp-content\/uploads\/2025\/05\/HEMRANGE.png\" class=\"attachment-full size-full\" alt=\"\" srcset=\"https:\/\/vindr.eu\/wp-content\/uploads\/2025\/05\/HEMRANGE.png 1001w, https:\/\/vindr.eu\/wp-content\/uploads\/2025\/05\/HEMRANGE-300x272.png 300w, https:\/\/vindr.eu\/wp-content\/uploads\/2025\/05\/HEMRANGE-768x696.png 768w, https:\/\/vindr.eu\/wp-content\/uploads\/2025\/05\/HEMRANGE-415x376.png 415w\" sizes=\"auto, (max-width: 1001px) 100vw, 1001px\" \/>\t\t\t\t<\/div>\n\t\t\t<\/div>\n\n\t\t\t<div id=\"tab-documents\" class=\"js-tabcontent\">\n\t\t\t\t<div class=\"text-content fullsize\">\n\t\t\t\t\t\t\t\t\t\t\t<h1>Documents<\/h1>\n\t\t\t\t\t\t\t\t\t\t\t\t\t\t\t\t<ul>\n\t\t\t\t\t\t\t\t\t\t\t\t\t\t\t\t\t<h3 class=\"subheader\">Projektinformation<\/h3>\n\t\t\t\t\t\t\t\t\t\t\t\t\t\t\t\t\t<li>\n\t\t\t\t\t\t\t\t\t<a href=\"https:\/\/vindr.eu\/wp-content\/uploads\/2025\/05\/HEMRANGE.png\">\n\t\t\t\t\t\t\t\t\t\t<span class=\"label\">\n\t\t\t\t\t\t\t\t\t\t\tHEMRANGE\t\t\t\t\t\t\t\t\t\t<\/span>\n\t\t\t\t\t\t\t\t\t\t<i class=\"icon-download\"><\/i>\n\t\t\t\t\t\t\t\t\t<\/a>\n\t\t\t\t\t\t\t\t<\/li>\n\t\t\t\t\t\t\t\t\t\t\t\t\t\t\t<li>\n\t\t\t\t\t\t\t\t\t<a href=\"https:\/\/vindr.eu\/wp-content\/uploads\/2025\/05\/Samradshandling_Hamrange_250205-1.pdf\">\n\t\t\t\t\t\t\t\t\t\t<span class=\"label\">\n\t\t\t\t\t\t\t\t\t\t\tSamradshandling_Hamrange_250205-1\t\t\t\t\t\t\t\t\t\t<\/span>\n\t\t\t\t\t\t\t\t\t\t<i class=\"icon-download\"><\/i>\n\t\t\t\t\t\t\t\t\t<\/a>\n\t\t\t\t\t\t\t\t<\/li>\n\t\t\t\t\t\t\t\t\t\t\t\t\t\t\t<li>\n\t\t\t\t\t\t\t\t\t<a href=\"https:\/\/vindr.eu\/wp-content\/uploads\/2025\/05\/Novusrapport-Opinionsmatning-vindkraft-Gavle-1.pdf\">\n\t\t\t\t\t\t\t\t\t\t<span class=\"label\">\n\t\t\t\t\t\t\t\t\t\t\tNovusrapport-Opinionsmatning-vindkraft-Gavle-1\t\t\t\t\t\t\t\t\t\t<\/span>\n\t\t\t\t\t\t\t\t\t\t<i class=\"icon-download\"><\/i>\n\t\t\t\t\t\t\t\t\t<\/a>\n\t\t\t\t\t\t\t\t<\/li>\n\t\t\t\t\t\t\t\t\t\t\t\t\t\t\t<li>\n\t\t\t\t\t\t\t\t\t<a href=\"https:\/\/vindr.eu\/wp-content\/uploads\/2025\/05\/Fotomontage_hamrangen.pdf\">\n\t\t\t\t\t\t\t\t\t\t<span class=\"label\">\n\t\t\t\t\t\t\t\t\t\t\tFotomontage_hamrangen\t\t\t\t\t\t\t\t\t\t<\/span>\n\t\t\t\t\t\t\t\t\t\t<i class=\"icon-download\"><\/i>\n\t\t\t\t\t\t\t\t\t<\/a>\n\t\t\t\t\t\t\t\t<\/li>\n\t\t\t\t\t\t\t\t\t\t\t\t\t\t\t<li>\n\t\t\t\t\t\t\t\t\t<a href=\"https:\/\/vindr.eu\/wp-content\/uploads\/2025\/05\/Hamrange_Planscher_compressed.pdf\">\n\t\t\t\t\t\t\t\t\t\t<span class=\"label\">\n\t\t\t\t\t\t\t\t\t\t\tHamrange_Planscher_compressed\t\t\t\t\t\t\t\t\t\t<\/span>\n\t\t\t\t\t\t\t\t\t\t<i class=\"icon-download\"><\/i>\n\t\t\t\t\t\t\t\t\t<\/a>\n\t\t\t\t\t\t\t\t<\/li>\n\t\t\t\t\t\t\t\t\t\t\t\t\t\t\t<li>\n\t\t\t\t\t\t\t\t\t<a href=\"https:\/\/vindr.eu\/wp-content\/uploads\/2025\/05\/Elproduktion.pdf\">\n\t\t\t\t\t\t\t\t\t\t<span class=\"label\">\n\t\t\t\t\t\t\t\t\t\t\tElproduktion\t\t\t\t\t\t\t\t\t\t<\/span>\n\t\t\t\t\t\t\t\t\t\t<i class=\"icon-download\"><\/i>\n\t\t\t\t\t\t\t\t\t<\/a>\n\t\t\t\t\t\t\t\t<\/li>\n\t\t\t\t\t\t\t\t\t\t\t\t\t\t\t\t\t<h3 class=\"subheader\">Media<\/h3>\n\t\t\t\t\t\t\t\t\t\t\t\t\t\t\t\t\t<li>\n\t\t\t\t\t\t\t\t\t<a href=\"https:\/\/vindr.eu\/wp-content\/uploads\/2024\/10\/Forsvaret-ger-gront-ljus-till-vindkraft-i-hamrange.pdf\">\n\t\t\t\t\t\t\t\t\t\t<span class=\"label\">\n\t\t\t\t\t\t\t\t\t\t\tGefle Dagblad: Forsvaret ger gront ljus till vindkraft i Hamrange &#8211; 03.04.25\t\t\t\t\t\t\t\t\t\t<\/span>\n\t\t\t\t\t\t\t\t\t\t<i class=\"icon-download\"><\/i>\n\t\t\t\t\t\t\t\t\t<\/a>\n\t\t\t\t\t\t\t\t<\/li>\n\t\t\t\t\t\t\t\t\t\t\t\t\t\t\t<li>\n\t\t\t\t\t\t\t\t\t<a href=\"https:\/\/vindr.eu\/wp-content\/uploads\/2025\/05\/Sju-av-tio-i-Gavle-positiva-till-vindkraftsersattning-.pdf\">\n\t\t\t\t\t\t\t\t\t\t<span class=\"label\">\n\t\t\t\t\t\t\t\t\t\t\tSju-av-tio-i-Gavle-positiva-till-vindkraftsersattning-\t\t\t\t\t\t\t\t\t\t<\/span>\n\t\t\t\t\t\t\t\t\t\t<i class=\"icon-download\"><\/i>\n\t\t\t\t\t\t\t\t\t<\/a>\n\t\t\t\t\t\t\t\t<\/li>\n\t\t\t\t\t\t\t\t\t\t\t\t\t\t\t\t\t<h3 class=\"subheader\">L\u00e4s mer om<\/h3>\n\t\t\t\t\t\t\t\t\t\t\t\t\t\t\t\t\t<li>\n\t\t\t\t\t\t\t\t\t<a href=\"https:\/\/vindr.eu\/wp-content\/uploads\/2025\/05\/6-myter-om-vindkraft.pdf\">\n\t\t\t\t\t\t\t\t\t\t<span class=\"label\">\n\t\t\t\t\t\t\t\t\t\t\t6-myter-om-vindkraft\t\t\t\t\t\t\t\t\t\t<\/span>\n\t\t\t\t\t\t\t\t\t\t<i class=\"icon-download\"><\/i>\n\t\t\t\t\t\t\t\t\t<\/a>\n\t\t\t\t\t\t\t\t<\/li>\n\t\t\t\t\t\t\t\t\t\t\t\t\t\t\t<li>\n\t\t\t\t\t\t\t\t\t<a href=\"https:\/\/vindr.eu\/wp-content\/uploads\/2025\/05\/Infraljud.pdf\">\n\t\t\t\t\t\t\t\t\t\t<span class=\"label\">\n\t\t\t\t\t\t\t\t\t\t\tInfraljud\t\t\t\t\t\t\t\t\t\t<\/span>\n\t\t\t\t\t\t\t\t\t\t<i class=\"icon-download\"><\/i>\n\t\t\t\t\t\t\t\t\t<\/a>\n\t\t\t\t\t\t\t\t<\/li>\n\t\t\t\t\t\t\t\t\t\t\t\t\t<\/ul>\n\t\t\t\t\t\t\t\t\t<\/div>\n\n\t\t\t\t\t\t\t<\/div>\n\t\t<\/div>\n\t<\/div>\n<\/section>\n\n\n\n<section id=\"acf-featured-text-block_1d52af5c6bb6695561cb7cee06325323\"class=\"block-section featured-text text-based-block show-top-bar-theme-dark wp-block-acf-featured-text\">\n\t<div class=\"block-section-wrapper element-width--content\">\n\t\t<div class=\"text\">\n\t\t\t\t\t\t\t\t<\/div>\n\t<\/div>\n<\/section>\n\n\n\n<section id=\"acf-faq-block_c98b462adfc7650cd458d17381edc261\"class=\"block-section faq show-top-bar-theme-dark wp-block-acf-faq\">\n\t<div class=\"block-section-wrapper  two-columns\">\n\t\t\t\t\t<h2 class=\"heading-size-normal\">Fr\u00e5gor och svar<\/h2>\n\t\t\t\t<div class=\"handorgel\">\n\t\t\t\t\t\t\t<h3 class=\"handorgel__header\">\n\t\t\t\t\t<button class=\"handorgel__header__button \">\n\t\t\t\t\t\t<span class=\"label\">Vilken samr\u00e5dstid g\u00e4ller?<\/span>\n\t\t\t\t\t\t<i aria-hidden=\"true\" class=\"icon-chevron-down\"><\/i>\n\t\t\t\t\t<\/button>\n\t\t\t\t<\/h3>\n\t\t\t\t<div class=\"handorgel__content\">\n\t\t\t\t\t<div class=\"handorgel__content__inner\">\n\t\t\t\t\t\t<p><span data-teams=\"true\"><span class=\"ui-provider a b c d e f g h i j k l m n o p q r s t u v w x y z ab ac ae af ag ah ai aj ak\" dir=\"ltr\">Samr\u00e5det p\u00e5g\u00e5r till och med <strong>2025-03-21<\/strong>. Yttranden hanteras l\u00f6pande.<\/span><\/span><\/p>\n\t\t\t\t\t<\/div>\n\t\t\t\t<\/div>\n\n\t\t\t\t\t\t\t<h3 class=\"handorgel__header\">\n\t\t\t\t\t<button class=\"handorgel__header__button \">\n\t\t\t\t\t\t<span class=\"label\">Hur g\u00f6r jag f\u00f6r att l\u00e4mna synpunkter?<\/span>\n\t\t\t\t\t\t<i aria-hidden=\"true\" class=\"icon-chevron-down\"><\/i>\n\t\t\t\t\t<\/button>\n\t\t\t\t<\/h3>\n\t\t\t\t<div class=\"handorgel__content\">\n\t\t\t\t\t<div class=\"handorgel__content__inner\">\n\t\t\t\t\t\t<p><span data-contrast=\"auto\">Via e-post till <strong>samrad.vindr@ecogain.se<\/strong>, skriv HAMR\u00c5NGE i \u00e4mnesraden, alternativt via brev till:<\/span><span data-ccp-props=\"{&quot;335559685&quot;:1416}\">\u00a0<\/span><\/p>\n<p><strong>Ecogain AB<\/strong><span data-ccp-props=\"{&quot;335559685&quot;:2124}\"><strong>\u00a0<\/strong><br \/>\n<\/span><span data-contrast=\"auto\">Att: HAMR\u00c5NGE<\/span><span data-ccp-props=\"{&quot;335559685&quot;:2124}\"><br \/>\n<\/span><span data-contrast=\"auto\">Pildammsv\u00e4gen 6B<\/span><span data-ccp-props=\"{&quot;335559685&quot;:2124}\"><br \/>\n<\/span><span data-contrast=\"auto\">211 46 Malm\u00f6<\/span><span data-ccp-props=\"{&quot;335559685&quot;:2124}\">\u00a0<\/span><\/p>\n\t\t\t\t\t<\/div>\n\t\t\t\t<\/div>\n\n\t\t\t\t\t\t\t<h3 class=\"handorgel__header\">\n\t\t\t\t\t<button class=\"handorgel__header__button \">\n\t\t\t\t\t\t<span class=\"label\">Hur mycket ljud kommer det fr\u00e5n vindkraftsverken?<\/span>\n\t\t\t\t\t\t<i aria-hidden=\"true\" class=\"icon-chevron-down\"><\/i>\n\t\t\t\t\t<\/button>\n\t\t\t\t<\/h3>\n\t\t\t\t<div class=\"handorgel__content\">\n\t\t\t\t\t<div class=\"handorgel__content__inner\">\n\t\t\t\t\t\t<p><span class=\"TextRun SCXW72483431 BCX0\" lang=\"SV-SE\" xml:lang=\"SV-SE\" data-contrast=\"auto\"><span class=\"NormalTextRun SCXW72483431 BCX0\">Vindkraftverk ger i fr\u00e5n sig ett bl\u00e5sande ljud, lite likt en fl\u00e4kt. Ljud fr\u00e5n ett vindkraftverk f\u00e5r inte \u00f6verstiga 40 <\/span><span class=\"NormalTextRun SpellingErrorV2Themed SCXW72483431 BCX0\">db<\/span><span class=\"NormalTextRun SCXW72483431 BCX0\"> vid bostadshus. F\u00f6r <\/span><span class=\"NormalTextRun SpellingErrorV2Themed SCXW72483431 BCX0\">Hamr\u00e5nge<\/span><span class=\"NormalTextRun SpellingErrorV2Themed SCXW72483431 BCX0\">s<\/span><span class=\"NormalTextRun SpellingErrorV2Themed SCXW72483431 BCX0\">projektet<\/span><span class=\"NormalTextRun SCXW72483431 BCX0\"> finns inga bost\u00e4der d\u00e4r ljudniv\u00e5n \u00f6verstigs. Se \u00e4ven dokumentet Ljudanalys.<\/span><\/span><span class=\"EOP SCXW72483431 BCX0\" data-ccp-props=\"{}\">\u00a0<\/span><\/p>\n\t\t\t\t\t<\/div>\n\t\t\t\t<\/div>\n\n\t\t\t\t\t\t\t<h3 class=\"handorgel__header\">\n\t\t\t\t\t<button class=\"handorgel__header__button \">\n\t\t\t\t\t\t<span class=\"label\">Hur h\u00f6ga blir vindkraftverken?<\/span>\n\t\t\t\t\t\t<i aria-hidden=\"true\" class=\"icon-chevron-down\"><\/i>\n\t\t\t\t\t<\/button>\n\t\t\t\t<\/h3>\n\t\t\t\t<div class=\"handorgel__content\">\n\t\t\t\t\t<div class=\"handorgel__content__inner\">\n\t\t\t\t\t\t<p><span class=\"TextRun SCXW244654954 BCX0\" lang=\"SV-SE\" xml:lang=\"SV-SE\" data-contrast=\"auto\"><span class=\"NormalTextRun SCXW244654954 BCX0\">Vindr avser att s\u00f6ka tillst\u00e5nd f\u00f6r vindkraftverk med en maximal totalh\u00f6jd p\u00e5 <\/span><span class=\"NormalTextRun SCXW244654954 BCX0\">300<\/span><span class=\"NormalTextRun SCXW244654954 BCX0\"> m. Totalh\u00f6jden \u00e4r den h\u00f6jd som vingspet<\/span><span class=\"NormalTextRun SCXW244654954 BCX0\">s<\/span><span class=\"NormalTextRun SCXW244654954 BCX0\">en har i sitt h\u00f6gsta l\u00e4ge. <\/span><span class=\"NormalTextRun SpellingErrorV2Themed SCXW244654954 BCX0\">Tornh\u00f6jden<\/span><span class=\"NormalTextRun SCXW244654954 BCX0\"> kommer att vara ca 170 m. Exakta h\u00f6jder beslutas senare men <\/span><span class=\"NormalTextRun SCXW244654954 BCX0\">totalh\u00f6jd<\/span><span class=\"NormalTextRun SCXW244654954 BCX0\">en<\/span> <span class=\"NormalTextRun SCXW244654954 BCX0\">kan aldrig \u00f6verstiga <\/span><span class=\"NormalTextRun SCXW244654954 BCX0\">300<\/span><span class=\"NormalTextRun SCXW244654954 BCX0\"> m.<\/span><\/span><span class=\"EOP SCXW244654954 BCX0\" data-ccp-props=\"{}\">\u00a0<\/span><\/p>\n\t\t\t\t\t<\/div>\n\t\t\t\t<\/div>\n\n\t\t\t\t\t\t\t<h3 class=\"handorgel__header\">\n\t\t\t\t\t<button class=\"handorgel__header__button \">\n\t\t\t\t\t\t<span class=\"label\">Vem beslutar om tillst\u00e5nd?<\/span>\n\t\t\t\t\t\t<i aria-hidden=\"true\" class=\"icon-chevron-down\"><\/i>\n\t\t\t\t\t<\/button>\n\t\t\t\t<\/h3>\n\t\t\t\t<div class=\"handorgel__content\">\n\t\t\t\t\t<div class=\"handorgel__content__inner\">\n\t\t\t\t\t\t<p>Tillst\u00e5ndsbeslutet ges av Milj\u00f6pr\u00f6vningsdelegationen p\u00e5 L\u00e4nsstyrelsen.<\/p>\n\t\t\t\t\t<\/div>\n\t\t\t\t<\/div>\n\n\t\t\t\t\t<\/div>\n\t<\/div>\n<\/section>\n\n\n\n<section id=\"dc-post-grid-hand-picked-block_dcpg-691b24a8aaf7f\" class=\"block-section dc-post-grid-hand-picked dc-post-grid-base  align-full \" data-aos=\"\">\n\n\t\n<div class=\"grid-container\">\n\t<div class=\"grid-x grid-margin-x\">\n\t\t<div class=\"cell small-12\">\n\t\t\t<div id=\"dc_post_grid_dcpg-691b24a8aaf7f\" class=\"dc-post-grid-component-wrapper dc-fallback-content\">\n\t\t\t\t<header class=\"dc-post-grid-header\">\n\t\t\t\t\t<div class=\"dc-post-top-left\">\n\t\t\t\t\t\t\t\t\t\t\t\t\t\t\t\t\t<\/div>\n\t\t\t\t\t<div class=\"dc-post-top-right\">\n\t\t\t\t\t\t\t\t\t\t\t\t\t\t\t\t\t<\/div>\n\t\t\t\t<\/header>\n\t\t\t\t\t\t\t\t\t\t\t\t\t\t<noscript>\n\t\t\t\t\t\t\t\t\t\t\t<div class=\"dc-post-grid-results has-3-columns uses-no-image-card-fallbacks\">\n\t\t\t\t\t\t\t<div class=\"dc-post-grid-results-inner\">\n\t\t\t\t\t\t\t\t\t\t\t\t\t\t\t\t\t<div class=\"grid-container full\">\n\t\t\t\t\t\t\t\t\t\t<div class=\"grid-x grid-margin-x\">\n\t\t\t\t\t\t\t\t\t\t\t\t\t\t\t\t\t\t\t\n<div class=\"cell\">\n\t<article id=\"stm_person_1118\" class=\"dc-post-grid-card default-card post-summary\">\n\n\t\t<div class=\"dc-post-grid-card-inner post-summary-inner\">\n\t\t\t\t\t\t\t<div class=\"image-wrapper\">\n\t\t\t\t\t<img loading=\"lazy\" decoding=\"async\" width=\"682\" height=\"1024\" src=\"https:\/\/vindr.eu\/wp-content\/uploads\/2023\/12\/Tjabba-figure-1-682x1024.jpg\" class=\"attachment-large size-large\" alt=\"\" \/>\t\t\t\t<\/div>\n\t\t\t\t\t\t<div class=\"content-wrapper\">\n\t\t\t\t<div class=\"content-hover-overlay\"><\/div>\n                                    <span class=\"post-date\">17 november 2023<\/span>\n                \t\t\t\t\t\t\t\t\t\t\t\t\t<h1 class=\"card-title\">Tjabba Nordanfj\u00e4ll<\/h1>\n\t\t\t\t\t\t\t\t\t\t\t\t\t\t\t\t\t<a href=\"https:\/\/vindr.eu\/sv\/stm_person\/tjabba-nordanfjall\/\" class=\"link read-more-link\">\n\t\t\t\t\t\t<span class=\"screen-reader-text\">Read more<\/span>\n\t\t\t\t\t<\/a>\n\t\t\t\t\t\t\t<\/div>\n\t\t<\/div>\n\t<\/article>\n<\/div>\n\n<div class=\"cell\">\n\t<article id=\"stm_person_1179\" class=\"dc-post-grid-card default-card post-summary\">\n\n\t\t<div class=\"dc-post-grid-card-inner post-summary-inner\">\n\t\t\t\t\t\t\t<div class=\"image-wrapper\">\n\t\t\t\t\t<img loading=\"lazy\" decoding=\"async\" width=\"682\" height=\"1024\" src=\"https:\/\/vindr.eu\/wp-content\/uploads\/2023\/12\/Camilla-figure-1-682x1024.jpg\" class=\"attachment-large size-large\" alt=\"\" \/>\t\t\t\t<\/div>\n\t\t\t\t\t\t<div class=\"content-wrapper\">\n\t\t\t\t<div class=\"content-hover-overlay\"><\/div>\n                                    <span class=\"post-date\">24 oktober 2023<\/span>\n                \t\t\t\t\t\t\t\t\t\t\t\t\t<h1 class=\"card-title\">Camilla Anderson<\/h1>\n\t\t\t\t\t\t\t\t\t\t\t\t\t\t\t\t\t<a href=\"https:\/\/vindr.eu\/sv\/stm_person\/navn-navnersen\/\" class=\"link read-more-link\">\n\t\t\t\t\t\t<span class=\"screen-reader-text\">Read more<\/span>\n\t\t\t\t\t<\/a>\n\t\t\t\t\t\t\t<\/div>\n\t\t<\/div>\n\t<\/article>\n<\/div>\n\t\t\t\t\t\t\t\t\t\t\t\t\t\t\t\t\t\t<\/div>\n\t\t\t\t\t\t\t\t\t<\/div>\n\t\t\t\t\t\t\t\t\t\t\t\t\t\t\t<\/div>\n\t\t\t\t\t\t<\/div>\n\t\t\t\t\t\t\t\t\t\t<\/noscript>\n\t\t\t\t\t\t\t\t\t\t\t\t<\/div>\n\t\t<\/div>\n\t<\/div>\n<\/div>\n\n<\/section>\n\n\n\n<section id=\"acf-banner-block_0c8657dc1a9fb4e89152b0697db0074e\"class=\"block-section banner has-background has-title background-only show-top-bar-theme-dark wp-block-acf-banner\" data-scroll-container>\n\t\t\t<figure class=\"banner__bg\">\n\t\t\t<img loading=\"lazy\" decoding=\"async\" width=\"2048\" height=\"1357\" src=\"https:\/\/vindr.eu\/wp-content\/uploads\/2025\/05\/iStock-1165191127-scaled.jpg\" class=\"attachment-full size-full\" alt=\"\" srcset=\"https:\/\/vindr.eu\/wp-content\/uploads\/2025\/05\/iStock-1165191127-scaled.jpg 2048w, https:\/\/vindr.eu\/wp-content\/uploads\/2025\/05\/iStock-1165191127-300x199.jpg 300w, https:\/\/vindr.eu\/wp-content\/uploads\/2025\/05\/iStock-1165191127-1024x678.jpg 1024w, https:\/\/vindr.eu\/wp-content\/uploads\/2025\/05\/iStock-1165191127-768x509.jpg 768w, https:\/\/vindr.eu\/wp-content\/uploads\/2025\/05\/iStock-1165191127-1536x1018.jpg 1536w, https:\/\/vindr.eu\/wp-content\/uploads\/2025\/05\/iStock-1165191127-502x333.jpg 502w\" sizes=\"auto, (max-width: 2048px) 100vw, 2048px\" \/>\t\t<\/figure>\n\t\t<div class=\"block-section-wrapper element-width--content\" data-scroll data-scroll-call=\"vindrOnBannerScroll\">\n\t\t<div class=\"banner__content\">\n\t\t\t\t\t\t\t\t\t\t\t\t\t\t<\/div>\n\t<\/div>\n<\/section>\n","protected":false},"featured_media":3237,"menu_order":0,"template":"","stm_project_technology":[136],"stm_project_status":[211],"stm_project_country":[219],"stm_project_region":[236],"class_list":["post-3785","stm_project","type-stm_project","status-publish","has-post-thumbnail","hentry","stm_project_technology-vindkraft","stm_project_status-planering","stm_project_country-sverige-sv","stm_project_region-gavle-kommun"],"acf":[],"_links":{"self":[{"href":"https:\/\/vindr.eu\/sv\/wp-json\/wp\/v2\/stm_project\/3785","targetHints":{"allow":["GET"]}}],"collection":[{"href":"https:\/\/vindr.eu\/sv\/wp-json\/wp\/v2\/stm_project"}],"about":[{"href":"https:\/\/vindr.eu\/sv\/wp-json\/wp\/v2\/types\/stm_project"}],"wp:featuredmedia":[{"embeddable":true,"href":"https:\/\/vindr.eu\/sv\/wp-json\/wp\/v2\/media\/3237"}],"wp:attachment":[{"href":"https:\/\/vindr.eu\/sv\/wp-json\/wp\/v2\/media?parent=3785"}],"wp:term":[{"taxonomy":"stm_project_technology","embeddable":true,"href":"https:\/\/vindr.eu\/sv\/wp-json\/wp\/v2\/stm_project_technology?post=3785"},{"taxonomy":"stm_project_status","embeddable":true,"href":"https:\/\/vindr.eu\/sv\/wp-json\/wp\/v2\/stm_project_status?post=3785"},{"taxonomy":"stm_project_country","embeddable":true,"href":"https:\/\/vindr.eu\/sv\/wp-json\/wp\/v2\/stm_project_country?post=3785"},{"taxonomy":"stm_project_region","embeddable":true,"href":"https:\/\/vindr.eu\/sv\/wp-json\/wp\/v2\/stm_project_region?post=3785"}],"curies":[{"name":"wp","href":"https:\/\/api.w.org\/{rel}","templated":true}]}}