{"id":888,"date":"2023-10-05T14:47:07","date_gmt":"2023-10-05T14:47:07","guid":{"rendered":"https:\/\/vindr.wpenginepowered.com\/?page_id=888"},"modified":"2026-03-30T13:39:48","modified_gmt":"2026-03-30T13:39:48","slug":"par-vindr","status":"publish","type":"page","link":"https:\/\/vindr.eu\/lv\/par-vindr\/","title":{"rendered":"Par Vindr"},"content":{"rendered":"\n<section id=\"acf-hero-subpage-block_5e46ba93d34d4e261a414e90da907c0c\"class=\"block-section hero-subpage has-background waiting-to-animate show-top-bar-theme-light-dark wp-block-acf-hero-subpage\">\n\t<figure class=\"hero-subpage__bg\">\n\t\t<img loading=\"lazy\" decoding=\"async\" width=\"2048\" height=\"1151\" src=\"https:\/\/vindr.eu\/wp-content\/uploads\/2023\/11\/Bjorkvattnet-BG-1-1-scaled.jpg\" class=\"attachment-full size-full\" alt=\"\" sizes=\"auto, (max-width: 999px) 100vw, 60vw\" srcset=\"https:\/\/vindr.eu\/wp-content\/uploads\/2023\/11\/Bjorkvattnet-BG-1-1-scaled.jpg 2048w, https:\/\/vindr.eu\/wp-content\/uploads\/2023\/11\/Bjorkvattnet-BG-1-1-300x169.jpg 300w, https:\/\/vindr.eu\/wp-content\/uploads\/2023\/11\/Bjorkvattnet-BG-1-1-768x432.jpg 768w, https:\/\/vindr.eu\/wp-content\/uploads\/2023\/11\/Bjorkvattnet-BG-1-1-1024x576.jpg 1024w, https:\/\/vindr.eu\/wp-content\/uploads\/2023\/11\/Bjorkvattnet-BG-1-1-1536x863.jpg 1536w, https:\/\/vindr.eu\/wp-content\/uploads\/2023\/11\/Bjorkvattnet-BG-1-1-502x282.jpg 502w, https:\/\/vindr.eu\/wp-content\/uploads\/2023\/11\/Bjorkvattnet-BG-1-1-1423x800.jpg 1423w\" \/>\t<\/figure>\n\t<div class=\"block-section-wrapper element-width--full\">\n\t\t<div class=\"hero-subpage__content\">\n\t\t\t\t\t\t\t<h1 class=\"hero-subpage__title heading-size-large\">Par Vindr<\/h1>\n\t\t\t\t\t\t\t\t\t\t<div class=\"text-size-medium\">\n\t\t\t\t\t<p>Vindr ir ilgtermi\u0146a sp\u0113l\u0113t\u0101js, invest\u0113jot vis\u0101 atjaun\u012bg\u0101s ener\u0123ijas risin\u0101jumu v\u0113rt\u012bbu \u0137\u0113d\u0113 un izstr\u0101d\u0101jot, b\u016bv\u0113jot un ekspluat\u0113jot pa\u0161i savas sp\u0113kstacijas.<\/p>\n\t\t\t\t<\/div>\n\t\t\t\t\t<\/div>\n\t<\/div>\n<\/section>\n\n\n\n<section id=\"acf-text-column-single-block_135eaabb4890a8abf8c8fb700ca68bb7\"class=\"block-section text-column-single text-based-block show-top-bar-theme-dark wp-block-acf-text-column-single\">\n\t<div class=\"block-section-wrapper element-width--wide\">\n\t\t<div class=\"text-column-single__content use-copy-text-styles\">\n\t\t\t\t\t\t\t<h1 class=\"heading-size-normal\">Vindr<\/h1>\n\t\t\t\t\t\t<p>Vindr nostiprina savas <strong>vado\u0161\u0101 atjaun\u012bg\u0101s ener\u0123ijas ra\u017eot\u0101ja<\/strong> poz\u012bcijas Zieme\u013ceirop\u0101, ar progres\u012bvu tehnolo\u0123iju pal\u012bdz\u012bbu nodro\u0161inot energoapg\u0101des dro\u0161\u012bbu. M\u016bsu pieeja \u012bstenojot pilnu projekta dz\u012bves ciklu \u2013 no b\u016bvniec\u012bbas un att\u012bst\u012bbas l\u012bdz ekspluat\u0101cijai \u2013 atspogu\u013co ilgtermi\u0146a pieeju, kuras izn\u0101kums ir ilgtsp\u0113j\u012bbu veicino\u0161s ieguld\u012bjums sabiedr\u012bb\u0101. M\u016bsu projekti atrodas tuvu ener\u0123ijas pat\u0113r\u0113t\u0101jiem, t\u0101d\u0113j\u0101di samazinot ietekmi uz vidi un saudz\u0113jot dabu.<\/p>\n\t\t<\/div>\n\t<\/div>\n<\/section>\n\n\n\n<section  id=\"acf-video-block_d8d3c418ed1564970f4b9a2c8f5f73ea\"class=\"block-section video has-plyr-video-player  full-width-video has-background no-padding show-top-bar-theme-dark wp-block-acf-video\">\n\t<img loading=\"lazy\" decoding=\"async\" width=\"2048\" height=\"1365\" src=\"https:\/\/vindr.eu\/wp-content\/uploads\/2024\/01\/Winter_turbines_bigfile-scaled.jpg\" class=\"attachment-full size-full\" alt=\"\" srcset=\"https:\/\/vindr.eu\/wp-content\/uploads\/2024\/01\/Winter_turbines_bigfile-scaled.jpg 2048w, https:\/\/vindr.eu\/wp-content\/uploads\/2024\/01\/Winter_turbines_bigfile-300x200.jpg 300w, https:\/\/vindr.eu\/wp-content\/uploads\/2024\/01\/Winter_turbines_bigfile-1024x683.jpg 1024w, https:\/\/vindr.eu\/wp-content\/uploads\/2024\/01\/Winter_turbines_bigfile-768x512.jpg 768w, https:\/\/vindr.eu\/wp-content\/uploads\/2024\/01\/Winter_turbines_bigfile-1536x1024.jpg 1536w, https:\/\/vindr.eu\/wp-content\/uploads\/2024\/01\/Winter_turbines_bigfile-502x335.jpg 502w\" sizes=\"auto, (max-width: 2048px) 100vw, 2048px\" \/>\t<button id=\"video-play-block_d8d3c418ed1564970f4b9a2c8f5f73ea\" class=\"play\" aria-controls=\"video-overlay-block_d8d3c418ed1564970f4b9a2c8f5f73ea\" data-target-overlay=\"video-overlay-block_d8d3c418ed1564970f4b9a2c8f5f73ea\" aria-expanded=\"false\">\n\t\t<span class=\"screen-reader-text\">Play<\/span>\n\t<\/button>\n\t<div id=\"video-overlay-block_d8d3c418ed1564970f4b9a2c8f5f73ea\" class=\"plyr-video-overlay\" aria-hidden=\"true\" aria-controlledby=\"video-play-block_d8d3c418ed1564970f4b9a2c8f5f73ea\">\n\t\t<div class=\"plyr-video-wrapper\">\n\t\t\t<button class=\"close\" data-play-button-id=\"video-play-block_d8d3c418ed1564970f4b9a2c8f5f73ea\">\n\t\t\t\t<span class=\"screen-reader-text\">Play<\/span>\n\t\t\t\t<i class=\"icon-close\"><\/i>\n\t\t\t<\/button>\n\n\t\t\t<video class=\"plyr-player\" id=\"69f70b70885de\"><\/video>\t\t\t\n<div class=\"cookieconsent-optout-text\">\n\t<p>A video was hidden because it requires all cookie categories to be accepted to view. Please <a href=\"javascript:Cookiebot.renew()\">click here<\/a> to update your cookie preferences to watch this video.<\/p>\n<\/div>\t\t<\/div>\n\t<\/div>\n<\/section>\n\n\n\n<section id=\"acf-featured-text-block_6bd29b01a2aa179f8fb75e8b998683bb\"class=\"block-section featured-text text-based-block show-top-bar-theme-dark wp-block-acf-featured-text\">\n\t<div class=\"block-section-wrapper element-width--content\">\n\t\t<div class=\"text\">\n\t\t\t<p>Vindr m\u0113r\u0137is ir k\u013c\u016bt par <strong>vado\u0161o atjaun\u012bg\u0101s ener\u0123ijas ra\u017eot\u0101ju Zieme\u013ceirop\u0101,<\/strong> nodro\u0161inot energoapg\u0101des dro\u0161\u012bbu, izmantojot progres\u012bvas tehnolo\u0123ijas un sniedzot ieguld\u012bjumu viet\u0113j\u0101s kopien\u0101s.<\/p>\n\t\t\t\t\t<\/div>\n\t<\/div>\n<\/section>\n\n\n\n<section id=\"acf-text-media-block_e13cec9140b7cea3179978f4b026e163\"class=\"block-section text-media image-align-right show-top-bar-theme-dark wp-block-acf-text-media\">\n\t<div class=\"block-section-wrapper element-width--wide\">\n\t\t<div class=\"text-media__image\">\n\t\t\t<figure class=\"text-media__image-inner\">\n\t\t\t\t<img loading=\"lazy\" decoding=\"async\" width=\"3840\" height=\"2160\" src=\"https:\/\/vindr.eu\/wp-content\/uploads\/2024\/10\/STILLBILDER.00_00_15_24.Still009-e1731506957157.png\" class=\"attachment-full size-full\" alt=\"\" \/>\t\t\t<\/figure>\n\t\t<\/div>\n\t\t<div class=\"text-media__content use-copy-text-styles\">\n\t\t\t\t\t\t\t<h1 class=\"title\">M\u016bsu projekti<\/h1>\n\t\t\t\t\t\t<p>Vindri att\u012bst\u0101m\u0101s v\u0113ja elektrostacijas veicin\u0101s Zieme\u013cvalstu un Baltijas valstu energoapg\u0101des dro\u0161\u012bbu. M\u016bsu atjaunojam\u0101s ener\u0123ijas portfel\u012b ir v\u0113ja parki, kas tiek att\u012bst\u012bti un pl\u0101noti Norv\u0113\u0123ij\u0101, Zviedrij\u0101, Latvij\u0101 un Igaunij\u0101, ar kop\u0113jo jaudu 2,1 GW. \u0160iem projektiem ir potenci\u0101ls ra\u017eot za\u013co ener\u0123iju.<\/p>\n\t\t\t<a href=\"https:\/\/vindr.eu\/lv\/par-vindr\/musu-projekti\/\" id=\"\" class=\"stm-button--has-title stm-button stm-button--type-default\"  target=\"_self\" title=\"\"> <span class=\"text\">M\u016bsu projekti<\/span>  <\/a>\t\t<\/div>\n\t<\/div>\n<\/section>\n\n\n\n<section id=\"acf-text-media-block_fba339a771f56962a4a5e8787374b526\"class=\"block-section text-media image-align-right show-top-bar-theme-dark wp-block-acf-text-media has-background has-light-blue-background-color\">\n\t<div class=\"block-section-wrapper element-width--wide\">\n\t\t<div class=\"text-media__image\">\n\t\t\t<figure class=\"text-media__image-inner\">\n\t\t\t\t<img loading=\"lazy\" decoding=\"async\" width=\"1638\" height=\"2048\" src=\"https:\/\/vindr.eu\/wp-content\/uploads\/2023\/11\/Jan-Olav-Oderud-portrait-scaled.jpg\" class=\"attachment-full size-full\" alt=\"\" srcset=\"https:\/\/vindr.eu\/wp-content\/uploads\/2023\/11\/Jan-Olav-Oderud-portrait-scaled.jpg 1638w, https:\/\/vindr.eu\/wp-content\/uploads\/2023\/11\/Jan-Olav-Oderud-portrait-240x300.jpg 240w, https:\/\/vindr.eu\/wp-content\/uploads\/2023\/11\/Jan-Olav-Oderud-portrait-768x960.jpg 768w, https:\/\/vindr.eu\/wp-content\/uploads\/2023\/11\/Jan-Olav-Oderud-portrait-819x1024.jpg 819w, https:\/\/vindr.eu\/wp-content\/uploads\/2023\/11\/Jan-Olav-Oderud-portrait-1229x1536.jpg 1229w, https:\/\/vindr.eu\/wp-content\/uploads\/2023\/11\/Jan-Olav-Oderud-portrait-301x376.jpg 301w, https:\/\/vindr.eu\/wp-content\/uploads\/2023\/11\/Jan-Olav-Oderud-portrait-640x800.jpg 640w, https:\/\/vindr.eu\/wp-content\/uploads\/2023\/11\/Jan-Olav-Oderud-portrait-1152x1440.jpg 1152w\" sizes=\"auto, (max-width: 1638px) 100vw, 1638px\" \/>\t\t\t<\/figure>\n\t\t<\/div>\n\t\t<div class=\"text-media__content use-copy-text-styles\">\n\t\t\t\t\t\t\t<h1 class=\"title\">Dibin\u0101t\u0101ji <\/h1>\n\t\t\t\t\t\t<p>Vindr tika dibin\u0101ts 2019.\u00a0gad\u0101 ar m\u0113r\u0137i att\u012bst\u012bt v\u0113ja ener\u0123ijas projektus Norv\u0113\u0123ij\u0101 un Zviedrij\u0101. Kop\u0161 t\u0101 laika esam papla\u0161in\u0101ju\u0161i savu darb\u012bbu ar\u012b citur, aptverot Zieme\u013cvalstu un Baltijas re\u0123ionus. Ta\u010du viss s\u0101k\u0101s ar m\u016bsu dibin\u0101t\u0101jiem, kuriem ir ilggad\u0113ja pieredze atjaun\u012bgo energoresursu nozar\u0113, un vi\u0146u v\u012bziju izveidot <strong>vado\u0161o Zieme\u013ceiropas atjaun\u012bg\u0101s ener\u0123ijas ra\u017eot\u0101ju.<\/strong><\/p>\n\t\t\t<a href=\"https:\/\/vindr.eu\/lv\/par-vindr\/dibinataji\/\" id=\"\" class=\"stm-button--has-title stm-button stm-button--type-default\"  target=\"_self\" title=\"\"> <span class=\"text\">Par dibin\u0101t\u0101jiem<\/span>  <\/a>\t\t<\/div>\n\t<\/div>\n<\/section>\n\n\n\n<section id=\"acf-text-media-block_a4943bff4acf5ffe85fb61c8d3148240\"class=\"block-section text-media image-align-left show-top-bar-theme-dark wp-block-acf-text-media has-background has-white-background-color\">\n\t<div class=\"block-section-wrapper element-width--wide\">\n\t\t<div class=\"text-media__image\">\n\t\t\t<figure class=\"text-media__image-inner\">\n\t\t\t\t<img loading=\"lazy\" decoding=\"async\" width=\"1920\" height=\"1080\" src=\"https:\/\/vindr.eu\/wp-content\/uploads\/2023\/11\/video-still-owners-compressed.jpg\" class=\"attachment-full size-full\" alt=\"\" srcset=\"https:\/\/vindr.eu\/wp-content\/uploads\/2023\/11\/video-still-owners-compressed.jpg 1920w, https:\/\/vindr.eu\/wp-content\/uploads\/2023\/11\/video-still-owners-compressed-300x169.jpg 300w, https:\/\/vindr.eu\/wp-content\/uploads\/2023\/11\/video-still-owners-compressed-1024x576.jpg 1024w, https:\/\/vindr.eu\/wp-content\/uploads\/2023\/11\/video-still-owners-compressed-768x432.jpg 768w, https:\/\/vindr.eu\/wp-content\/uploads\/2023\/11\/video-still-owners-compressed-1536x864.jpg 1536w, https:\/\/vindr.eu\/wp-content\/uploads\/2023\/11\/video-still-owners-compressed-502x282.jpg 502w\" sizes=\"auto, (max-width: 1920px) 100vw, 1920px\" \/>\t\t\t<\/figure>\n\t\t<\/div>\n\t\t<div class=\"text-media__content use-copy-text-styles\">\n\t\t\t\t\t\t\t<h1 class=\"title\">\u012apa\u0161nieki<\/h1>\n\t\t\t\t\t\t<p>Lai \u012bstenotu v\u012bziju par vado\u0161o atjaun\u012bg\u0101s ener\u0123ijas ra\u017eot\u0101ju Zieme\u013ceirop\u0101, Vindr v\u0113l\u0113j\u0101s sadarboties ar investoru, kas b\u016btu tehniski kompetents un izprastu re\u0123iona unik\u0101lo kult\u016bru. Eiropas infrastrukt\u016bras fonds <strong>Infravia nodro\u0161ina partner\u012bbu, kas balst\u0101s kop\u012bg\u0101s v\u0113rt\u012bb\u0101s.<\/strong> Str\u0101d\u0101jot kop\u0101, mums ir nepiecie\u0161am\u0101s sp\u0113jas, lai k\u013c\u016btu par vienu no galvenajiem sp\u0113l\u0113t\u0101jiem ener\u0123\u0113tikas p\u0101rejas proces\u0101 Zieme\u013ceirop\u0101.<\/p>\n\t\t\t<a href=\"https:\/\/vindr.eu\/lv\/par-vindr\/ipasnieki\/\" id=\"\" class=\"stm-button--has-title stm-button stm-button--type-default\"  target=\"_self\" title=\"\"> <span class=\"text\">Par \u012bpa\u0161niekiem<\/span>  <\/a>\t\t<\/div>\n\t<\/div>\n<\/section>\n\n\n\n<section id=\"acf-text-media-block_92d5d89e299867b078c5ef23a9a0ef13\"class=\"block-section text-media image-align-right show-top-bar-theme-dark wp-block-acf-text-media has-background has-white-background-color\">\n\t<div class=\"block-section-wrapper element-width--wide\">\n\t\t<div class=\"text-media__image\">\n\t\t\t<figure class=\"text-media__image-inner\">\n\t\t\t\t<img loading=\"lazy\" decoding=\"async\" width=\"2048\" height=\"1422\" src=\"https:\/\/vindr.eu\/wp-content\/uploads\/2024\/10\/board-group_color-2-scaled.jpg\" class=\"attachment-full size-full\" alt=\"\" srcset=\"https:\/\/vindr.eu\/wp-content\/uploads\/2024\/10\/board-group_color-2-scaled.jpg 2048w, https:\/\/vindr.eu\/wp-content\/uploads\/2024\/10\/board-group_color-2-300x208.jpg 300w, https:\/\/vindr.eu\/wp-content\/uploads\/2024\/10\/board-group_color-2-1024x711.jpg 1024w, https:\/\/vindr.eu\/wp-content\/uploads\/2024\/10\/board-group_color-2-768x533.jpg 768w, https:\/\/vindr.eu\/wp-content\/uploads\/2024\/10\/board-group_color-2-1536x1067.jpg 1536w, https:\/\/vindr.eu\/wp-content\/uploads\/2024\/10\/board-group_color-2-502x349.jpg 502w\" sizes=\"auto, (max-width: 2048px) 100vw, 2048px\" \/>\t\t\t<\/figure>\n\t\t<\/div>\n\t\t<div class=\"text-media__content use-copy-text-styles\">\n\t\t\t\t\t\t\t<h1 class=\"title\">Valde<\/h1>\n\t\t\t\t\t\t<p>Lai \u012bstenotu v\u012bziju par Zieme\u013ceiropas vado\u0161\u0101 atjaunojam\u0101s ener\u0123ijas ra\u017eot\u0101ja izveidi, Vindr v\u0113l\u0113j\u0101s sadarboties ar investoru, kas b\u016btu tehniski kompetents un izprastu re\u0123iona unik\u0101lo kult\u016bru. Eiropas infrastrukt\u016bras fonds <strong>Infravia nodro\u0161ina partner\u012bbu, kas balst\u0101s kop\u012bg\u0101s v\u0113rt\u012bb\u0101s<\/strong>, un, str\u0101d\u0101jot kop\u0101, mums ir nepiecie\u0161am\u0101s sp\u0113jas, lai k\u013c\u016btu par vienu no galvenajiem sp\u0113l\u0113t\u0101jiem ener\u0123\u0113tikas p\u0101rejas proces\u0101 Zieme\u013ceirop\u0101.<\/p>\n\t\t\t<a href=\"https:\/\/vindr.eu\/lv\/par-vindr\/valde\/\" id=\"\" class=\"stm-button--has-title stm-button stm-button--type-default\"  target=\"_self\" title=\"\"> <span class=\"text\">Par valdi<\/span>  <\/a>\t\t<\/div>\n\t<\/div>\n<\/section>\n\n\n\n<section id=\"acf-featured-text-block_959761fa3dc0b467036e80ac70ce0d19\"class=\"block-section featured-text text-based-block show-top-bar-theme-dark wp-block-acf-featured-text\">\n\t<div class=\"block-section-wrapper element-width--content\">\n\t\t<div class=\"text\">\n\t\t\t<p>Vindr att\u012bsta <strong>vado\u0161o atjaun\u012bg\u0101s ener\u0123ijas ra\u017eot\u0101ju<\/strong> <strong>Zieme\u013ceirop\u0101,<\/strong> pied\u0101v\u0101jot energoapg\u0101des dro\u0161\u012bbu, izmantojot progres\u012bvas tehnolo\u0123ijas un sniedzot ieguld\u012bjumu viet\u0113j\u0101s kopien\u0101s.<\/p>\n\t\t\t\t\t<\/div>\n\t<\/div>\n<\/section>\n\n\n\n<section id=\"acf-banner-block_ecd6c2d0eb82204c71166c08cc70f832\"class=\"block-section banner has-background has-title show-top-bar-theme-light wp-block-acf-banner\" data-scroll-container>\n\t\t\t<figure class=\"banner__bg\">\n\t\t\t<img loading=\"lazy\" decoding=\"async\" width=\"2048\" height=\"775\" src=\"https:\/\/vindr.eu\/wp-content\/uploads\/2025\/01\/Group-photo-inside-scaled-e1774877983189.jpg\" class=\"attachment-full size-full\" alt=\"\" srcset=\"https:\/\/vindr.eu\/wp-content\/uploads\/2025\/01\/Group-photo-inside-scaled-e1774877983189.jpg 2048w, https:\/\/vindr.eu\/wp-content\/uploads\/2025\/01\/Group-photo-inside-scaled-e1774877983189-300x114.jpg 300w, https:\/\/vindr.eu\/wp-content\/uploads\/2025\/01\/Group-photo-inside-scaled-e1774877983189-1024x388.jpg 1024w, https:\/\/vindr.eu\/wp-content\/uploads\/2025\/01\/Group-photo-inside-scaled-e1774877983189-768x291.jpg 768w, https:\/\/vindr.eu\/wp-content\/uploads\/2025\/01\/Group-photo-inside-scaled-e1774877983189-1536x581.jpg 1536w, https:\/\/vindr.eu\/wp-content\/uploads\/2025\/01\/Group-photo-inside-scaled-e1774877983189-502x190.jpg 502w, https:\/\/vindr.eu\/wp-content\/uploads\/2025\/01\/Group-photo-inside-scaled-e1774877983189-1600x605.jpg 1600w\" sizes=\"auto, (max-width: 2048px) 100vw, 2048px\" \/>\t\t<\/figure>\n\t\t<div class=\"block-section-wrapper element-width--content\" data-scroll data-scroll-call=\"vindrOnBannerScroll\">\n\t\t<div class=\"banner__content\">\n\t\t\t\t\t\t\t<h2 class=\"heading-size-large\">Darbinieki <\/h2>\n\t\t\t\t<div class=\"text-size-medium\">\n\t\t\t\t\t\t<p>Lai veiksm\u012bgi att\u012bst\u012btos k\u0101 vado\u0161ais atjaun\u012bg\u0101s ener\u0123ijas ra\u017eot\u0101js, Vindr ir izveidojis <strong>ambiciozu komandu, kurai ir visas nepiecie\u0161am\u0101s zin\u0101\u0161anas,<\/strong> lai izstr\u0101d\u0101tu projektus ar zemu ietekmi uz vidi, pozit\u012bvi ietekm\u0113tu viet\u0113j\u0101s kopienas un nodro\u0161in\u0101tu p\u0101rredzam\u012bbu vis\u0101m iesaist\u012btaj\u0101m pus\u0113m.<\/p>\n\t\t\t\t\t\t\t<\/div>\n\t\t\t\t\t\t<a href=\"https:\/\/vindr.eu\/lv\/komanda\/\" id=\"\" class=\"stm-button--has-title stm-button stm-button--type-default stm-button-light\"  target=\"_self\" title=\"\"> <span class=\"text\">Las\u012bt vair\u0101k<\/span>  <\/a>\t\t<\/div>\n\t<\/div>\n<\/section>\n\n\n\n<section id=\"acf-text-media-block_b3ccf1a28bcce67d9c8acdb279af9dc4\"class=\"block-section text-media image-align-right show-top-bar-theme-dark wp-block-acf-text-media has-background has-white-background-color\">\n\t<div class=\"block-section-wrapper element-width--wide\">\n\t\t<div class=\"text-media__image\">\n\t\t\t<figure class=\"text-media__image-inner\">\n\t\t\t\t<img loading=\"lazy\" decoding=\"async\" width=\"2048\" height=\"1365\" src=\"https:\/\/vindr.eu\/wp-content\/uploads\/2024\/08\/iStock-475689998-scaled-e1725871850393.jpg\" class=\"attachment-full size-full\" alt=\"\" \/>\t\t\t<\/figure>\n\t\t<\/div>\n\t\t<div class=\"text-media__content use-copy-text-styles\">\n\t\t\t\t\t\t\t<h1 class=\"title\">ESG<\/h1>\n\t\t\t\t\t\t<p>Vindr m\u0113r\u0137is ir sniegt <strong>pozit\u012bvu ieguld\u012bjumu apk\u0101rt\u0113j\u0101 vid\u0113.<\/strong> Mums ir svar\u012bgi pozit\u012bvi ietekm\u0113t sabiedr\u012bbu un, izstr\u0101d\u0101jot projektus, censties rad\u012bt p\u0113c iesp\u0113jas liel\u0101ku pievienoto v\u0113rt\u012bbu attiec\u012bgaj\u0101 vid\u0113. M\u0113s jau <strong>agr\u012bn\u0101 projekta stadij\u0101<\/strong> ieguld\u0101m lielus l\u012bdzek\u013cus tehnolo\u0123iju un p\u0101rvald\u012bbas pl\u0101no\u0161an\u0101, lai nodro\u0161in\u0101tu, ka m\u016bsu projekti ir vislab\u0101k piel\u0101goti viet\u0113jai situ\u0101cijai ar tai atbilsto\u0161u p\u0101rvaldi.<\/p>\n\t\t\t<a href=\"https:\/\/vindr.eu\/lv\/ka-mes-stradajam\/esg\/\" id=\"\" class=\"stm-button--has-title stm-button stm-button--type-default\"  target=\"_self\" title=\"\"> <span class=\"text\">Par ESG<\/span>  <\/a>\t\t<\/div>\n\t<\/div>\n<\/section>\n\n\n\n<section id=\"acf-text-media-block_05afa95c6834ad733566a1034ac41385\"class=\"block-section text-media image-align-left show-top-bar-theme-dark wp-block-acf-text-media has-background has-light-blue-background-color\">\n\t<div class=\"block-section-wrapper element-width--wide\">\n\t\t<div class=\"text-media__image\">\n\t\t\t<figure class=\"text-media__image-inner\">\n\t\t\t\t<img loading=\"lazy\" decoding=\"async\" width=\"2048\" height=\"1365\" src=\"https:\/\/vindr.eu\/wp-content\/uploads\/2023\/11\/DJI_0040-scaled.jpg\" class=\"attachment-full size-full\" alt=\"\" srcset=\"https:\/\/vindr.eu\/wp-content\/uploads\/2023\/11\/DJI_0040-scaled.jpg 2048w, https:\/\/vindr.eu\/wp-content\/uploads\/2023\/11\/DJI_0040-300x200.jpg 300w, https:\/\/vindr.eu\/wp-content\/uploads\/2023\/11\/DJI_0040-768x512.jpg 768w, https:\/\/vindr.eu\/wp-content\/uploads\/2023\/11\/DJI_0040-1024x683.jpg 1024w, https:\/\/vindr.eu\/wp-content\/uploads\/2023\/11\/DJI_0040-1536x1024.jpg 1536w, https:\/\/vindr.eu\/wp-content\/uploads\/2023\/11\/DJI_0040-502x335.jpg 502w, https:\/\/vindr.eu\/wp-content\/uploads\/2023\/11\/DJI_0040-1200x800.jpg 1200w\" sizes=\"auto, (max-width: 2048px) 100vw, 2048px\" \/>\t\t\t<\/figure>\n\t\t<\/div>\n\t\t<div class=\"text-media__content use-copy-text-styles\">\n\t\t\t\t\t\t\t<h1 class=\"title\">Bjerkvatnetas v\u0113ja parks<\/h1>\n\t\t\t\t\t\t<p>Bjorkvattnet v\u0113ja parks ir 175 MW jaudas elektrostacija, kas pieder uz\u0146\u0113mumam \u201eInfraVia\u201c. T\u0101 atrodas Jemtland\u0113, Zviedrij\u0101. Stacija sast\u0101v no 33 turb\u012bn\u0101m, un t\u0101s b\u016bvniec\u012bba tika pabeigta 2023. gad\u0101. Ra\u017eot\u0101 ener\u0123ija sp\u0113j nodro\u0161in\u0101t ar t\u012bru ener\u0123iju 175 000 m\u0101jsaimniec\u012bbu un ik gadu \u013cauj ietaup\u012bt 215 000 tonnu siltumn\u012bcefekta g\u0101zu.<\/p>\n\t\t\t<a href=\"https:\/\/vindr.eu\/lv\/bjerkvatnetas-veja-parks\/\" id=\"\" class=\"stm-button--has-title stm-button stm-button--type-default\"  target=\"_self\" title=\"\"> <span class=\"text\">Bjer\u00ad\u00adkva\u00adt\u00adne\u00adtas v\u0113ja parks<\/span>  <\/a>\t\t<\/div>\n\t<\/div>\n<\/section>\n\n\n\n<section id=\"acf-banner-block_c28aa859a43e0b0144e658cff9bfb29b\"class=\"block-section banner has-background show-top-bar-theme-light wp-block-acf-banner\" data-scroll-container>\n\t\t\t<figure class=\"banner__bg\">\n\t\t\t<img loading=\"lazy\" decoding=\"async\" width=\"2048\" height=\"1021\" src=\"https:\/\/vindr.eu\/wp-content\/uploads\/2023\/11\/darya-tryfanava-Ex0-3iL_-t0-unsplash-scaled.jpg\" class=\"attachment-full size-full\" alt=\"\" srcset=\"https:\/\/vindr.eu\/wp-content\/uploads\/2023\/11\/darya-tryfanava-Ex0-3iL_-t0-unsplash-scaled.jpg 2048w, https:\/\/vindr.eu\/wp-content\/uploads\/2023\/11\/darya-tryfanava-Ex0-3iL_-t0-unsplash-1024x510.jpg 1024w, https:\/\/vindr.eu\/wp-content\/uploads\/2023\/11\/darya-tryfanava-Ex0-3iL_-t0-unsplash-1536x765.jpg 1536w, https:\/\/vindr.eu\/wp-content\/uploads\/2023\/11\/darya-tryfanava-Ex0-3iL_-t0-unsplash-1600x797.jpg 1600w, https:\/\/vindr.eu\/wp-content\/uploads\/2023\/11\/darya-tryfanava-Ex0-3iL_-t0-unsplash-300x150.jpg 300w, https:\/\/vindr.eu\/wp-content\/uploads\/2023\/11\/darya-tryfanava-Ex0-3iL_-t0-unsplash-768x383.jpg 768w, https:\/\/vindr.eu\/wp-content\/uploads\/2023\/11\/darya-tryfanava-Ex0-3iL_-t0-unsplash-502x250.jpg 502w\" sizes=\"auto, (max-width: 2048px) 100vw, 2048px\" \/>\t\t<\/figure>\n\t\t<div class=\"block-section-wrapper element-width--content\" data-scroll data-scroll-call=\"vindrOnBannerScroll\">\n\t\t<div class=\"banner__content\">\n\t\t\t\t\t\t<p class=\"heading-size-large\">Sazinieties ar mums!<\/p>\n\t\t\t\t\t\t<a href=\"https:\/\/vindr.eu\/lv\/kontakti\/\" id=\"\" class=\"stm-button--has-title stm-button stm-button--type-default stm-button-light\"  target=\"_self\" title=\"\"> <span class=\"text\">Kontakti<\/span>  <\/a>\t\t<\/div>\n\t<\/div>\n<\/section>\n","protected":false},"excerpt":{"rendered":"","protected":false},"author":1,"featured_media":0,"parent":0,"menu_order":4,"comment_status":"closed","ping_status":"closed","template":"","meta":{"_acf_changed":false,"inline_featured_image":false,"footnotes":""},"class_list":["post-888","page","type-page","status-publish","hentry"],"acf":[],"_links":{"self":[{"href":"https:\/\/vindr.eu\/lv\/wp-json\/wp\/v2\/pages\/888","targetHints":{"allow":["GET"]}}],"collection":[{"href":"https:\/\/vindr.eu\/lv\/wp-json\/wp\/v2\/pages"}],"about":[{"href":"https:\/\/vindr.eu\/lv\/wp-json\/wp\/v2\/types\/page"}],"author":[{"embeddable":true,"href":"https:\/\/vindr.eu\/lv\/wp-json\/wp\/v2\/users\/1"}],"replies":[{"embeddable":true,"href":"https:\/\/vindr.eu\/lv\/wp-json\/wp\/v2\/comments?post=888"}],"version-history":[{"count":3,"href":"https:\/\/vindr.eu\/lv\/wp-json\/wp\/v2\/pages\/888\/revisions"}],"predecessor-version":[{"id":8398,"href":"https:\/\/vindr.eu\/lv\/wp-json\/wp\/v2\/pages\/888\/revisions\/8398"}],"wp:attachment":[{"href":"https:\/\/vindr.eu\/lv\/wp-json\/wp\/v2\/media?parent=888"}],"curies":[{"name":"wp","href":"https:\/\/api.w.org\/{rel}","templated":true}]}}